{"id":1165,"date":"2024-06-28T03:12:32","date_gmt":"2024-06-28T03:12:32","guid":{"rendered":"https:\/\/revistaquiote.org\/?page_id=1165"},"modified":"2024-09-14T18:48:39","modified_gmt":"2024-09-14T18:48:39","slug":"fichas-de-colaboradores","status":"publish","type":"page","link":"https:\/\/revistaquiote.org\/?page_id=1165","title":{"rendered":"FICHAS DE COLABORADORES"},"content":{"rendered":"<p>[et_pb_section fb_built=\u00bb1&#8243; _builder_version=\u00bb4.25.2&#8243; _module_preset=\u00bbdefault\u00bb background_color=\u00bb#f9f9f9&#8243; global_colors_info=\u00bb{}\u00bb][et_pb_row column_structure=\u00bb2_5,3_5&#8243; _builder_version=\u00bb4.25.2&#8243; _module_preset=\u00bbdefault\u00bb global_colors_info=\u00bb{}\u00bb][et_pb_column type=\u00bb2_5&#8243; _builder_version=\u00bb4.25.2&#8243; _module_preset=\u00bbdefault\u00bb global_colors_info=\u00bb{}\u00bb][et_pb_image src=\u00bbhttps:\/\/revistaquiote.org\/wp-content\/uploads\/2023\/06\/Quiote-logo_01.png\u00bb title_text=\u00bbQuiote-logo_01&#8243; _builder_version=\u00bb4.27.0&#8243; _module_preset=\u00bbdefault\u00bb hover_enabled=\u00bb0&#8243; global_colors_info=\u00bb{}\u00bb url=\u00bbhttps:\/\/revistaquiote.org\/\u00bb sticky_enabled=\u00bb0&#8243;][\/et_pb_image][\/et_pb_column][et_pb_column type=\u00bb3_5&#8243; _builder_version=\u00bb4.25.2&#8243; _module_preset=\u00bbdefault\u00bb global_colors_info=\u00bb{}\u00bb][et_pb_text _builder_version=\u00bb4.25.2&#8243; _module_preset=\u00bbdefault\u00bb text_font=\u00bb|800|||||||\u00bb text_text_color=\u00bb#000000&#8243; text_font_size=\u00bb17px\u00bb text_orientation=\u00bbright\u00bb custom_padding=\u00bb100px|||||\u00bb global_colors_info=\u00bb{}\u00bb]<\/p>\n<p>FICHAS DE COLABORADORES<\/p>\n<p>[\/et_pb_text][\/et_pb_column][\/et_pb_row][et_pb_row _builder_version=\u00bb4.25.2&#8243; _module_preset=\u00bbdefault\u00bb global_colors_info=\u00bb{}\u00bb][et_pb_column type=\u00bb4_4&#8243; _builder_version=\u00bb4.25.2&#8243; _module_preset=\u00bbdefault\u00bb global_colors_info=\u00bb{}\u00bb][et_pb_text _builder_version=\u00bb4.25.2&#8243; _module_preset=\u00bbdefault\u00bb custom_padding=\u00bb0px|||||\u00bb global_colors_info=\u00bb{}\u00bb]<\/p>\n<p><strong>Adriana Cano Ch\u00e1vez<\/strong> (1977) Soci\u00f3loga y comunic\u00f3loga egresada de la FCPyS UNAM. Amante de los gatos, los perros, un buen libro, ag\u00fcita de guayaba, los chicharrones preparados, la vida, el respeto, las personas creativas, curiosa caminante de la Ciudad de M\u00e9xico, nada humano es ajeno, creyente de la ternura radical y la revoluci\u00f3n \u00bfCu\u00e1l de todas?<\/p>\n<p>[\/et_pb_text][et_pb_text _builder_version=\u00bb4.25.2&#8243; _module_preset=\u00bbdefault\u00bb custom_padding=\u00bb0px|||||\u00bb global_colors_info=\u00bb{}\u00bb]<\/p>\n<div class=\"avatar\"><\/div>\n<div class=\"desc\"><strong>Alessandra Pradel Mora<\/strong> (1990). Estudiante de Filosof\u00eda en la UNAM. Ha trabajado en producci\u00f3n cinematogr\u00e1fica como asistente de arte y en librer\u00edas enfocadas a editoriales independientes y de nicho, en donde actualmente se desempe\u00f1a. Es socia fundadora de la Cooperativa Editorial Viandante, en donde funge como administradora y responsable de relaciones p\u00fablicas.<\/div>\n<p>[\/et_pb_text][et_pb_text _builder_version=\u00bb4.25.2&#8243; _module_preset=\u00bbdefault\u00bb custom_padding=\u00bb2px|||||\u00bb global_colors_info=\u00bb{}\u00bb]<\/p>\n<p><strong>Brian Mart\u00ednez<\/strong>, m\u00e1s conocido como <strong>Livo Malo<\/strong> (Ciudad Nezahualc\u00f3yotl, 1996) es un ilustrador y dibujante mexicano. Colaborador de <em>El Chamuco, <\/em>revista de s\u00e1tira pol\u00edtica, ilustrador y dibujante, gestor cultural y locutor del programa radiof\u00f3nico <em>El l\u00e1piz cero, <\/em>que se transmite por Reactor 105.7 de FM. Livo malo ha sido capaz de conjugar la pasi\u00f3n por lo que hace junto al devenir pol\u00edtico. Las desigualdades, temas de movilidad y territorio, as\u00ed como sus vivencias lo han acompa\u00f1ado junto al movimiento de su lapicero al momento de crear.<\/p>\n<p>[\/et_pb_text][et_pb_text _builder_version=\u00bb4.25.2&#8243; _module_preset=\u00bbdefault\u00bb custom_padding=\u00bb2px|||||\u00bb global_colors_info=\u00bb{}\u00bb]<\/p>\n<p><strong>C\u00e9sar Cort\u00e9s Vega.<\/strong> Escritor y productor multidisciplinario. Algunos de sus libros publicados son <em>No tocar. Anotaciones sobre el riesgo posmexicano<\/em> (ensayo, Ed. EP); <em>Calib\u00e1n no ha muerto<\/em>\u00a0(ensayo, Colores primarios); <em>Poetas esclavos, m\u00e1quinas soberanas<\/em> (ensayo, Centro de Cultura Digital); <em>Periferias y mentiras. Textos sobre arte, banalidad y cultura<\/em> (ensayo, Fomento Cultura Ecatepac); <em>Tanuki y las ranas<\/em> (novela, Librosampleados); <em>Abandona Silicia<\/em> (novela, Amphibia editorial); <em>Arx po\u00e9tica<\/em> (poes\u00eda, Editorial Literal) o <em>Reven<\/em> (XX Premio Interamericano de Poes\u00eda Navachiste). Estudi\u00f3 la maestr\u00eda en artes visuales en el Posgrado en Artes y Dise\u00f1o de la UNAM y el diplomado en creaci\u00f3n literaria en la Sociedad General de Escritores de M\u00e9xico. Dirige la editorial <a href=\"https:\/\/cinocefalo.com\/\">Cinoc\u00e9falo<\/a>. M\u00e1s informaci\u00f3n en: <a href=\"http:\/\/cesarcortesvega.com\">cesarcortesvega.com<\/a><\/p>\n<p>[\/et_pb_text][et_pb_text _builder_version=\u00bb4.25.2&#8243; _module_preset=\u00bbdefault\u00bb custom_padding=\u00bb2px|||||\u00bb global_colors_info=\u00bb{}\u00bb]<\/p>\n<p><span><strong>C\u00e9sar Guevara Bravo.<\/strong> Matem\u00e1tico y acad\u00e9mico de tiempo completo en el Departamento de Matem\u00e1ticas de la Facultad de Ciencias de la UNAM. Sus \u00e1reas de trabajo son \u00e1lgebra e historia de las matem\u00e1ticas. Ha publicado trabajos en revistas y libros sobre conjetura de Goldbach, n\u00fameros perfectos, Giordano Bruno, Nicolo Tartaglia, criptograf\u00eda, n\u00fameros primos, c\u00edrculos de Ford, matem\u00e1ticas y m\u00fasica entre otros temas. Ha dirigido m\u00e1s de 20 tesis en esta \u00e1rea. Ha impartido curso en la Facultad de Ciencias m\u00e1s 30 a\u00f1os para las licenciaturas en matem\u00e1ticas, f\u00edsica y actuar\u00eda. Pertenece a Comit\u00e9s Evaluadores de la UNAM. Sus actuales temas de investigaci\u00f3n son: An\u00e1lisis de los trabajos de Edward Waring, la teor\u00eda de los n\u00fameros en Leonhard Euler, la teor\u00eda aditiva de los n\u00fameros, la relaci\u00f3n \u00e1lgebra y m\u00fasica, entre otros.<\/span><\/p>\n<p>[\/et_pb_text][et_pb_text _builder_version=\u00bb4.25.2&#8243; _module_preset=\u00bbdefault\u00bb custom_padding=\u00bb0px|||||\u00bb global_colors_info=\u00bb{}\u00bb]<\/p>\n<p><strong>Christian Barrag\u00e1n<\/strong> (Ciudad de M\u00e9xico, 1985) es coleccionista, escritor y curador de arte independiente. En 2009 fund\u00f3 el sello gr\u00e1fico BaCO Ediciones. Es coautor de las publicaciones <em>Javier Pel\u00e1ez: High Performance<\/em> (Saenger Editores, 2020), <em>Arntropolog\u00eda: un acercamiento entre dos disciplinas<\/em> (FAD, UNAM, 2019), <em>Javier Mar\u00edn Masterworks<\/em> (Art of The World Gallery, Houston, 2019), <em>Migraci\u00f3n<\/em> (Santiago Robles, 2019), <em>Aproximaciones a la obra de Carlos Amorales<\/em> (RM-Secretar\u00eda de Cultura, 2018), <em>Claroscuro <\/em>(Museo Espacio-ICA, 2018), <em>M\u00e9xico 68\/18. Cien Carteles <\/em>(Universidad Veracruzana, 2018),\u00a0entre otras.<\/p>\n<p>[\/et_pb_text][et_pb_text _builder_version=\u00bb4.25.2&#8243; _module_preset=\u00bbdefault\u00bb custom_padding=\u00bb0px|||||\u00bb global_colors_info=\u00bb{}\u00bb]<\/p>\n<p><strong>Eric P\u00e9rez<\/strong> (Ciudad de M\u00e9xico, 1972) es un artista mexicano con estudios en artes pl\u00e1sticas e historia del arte. En 2006 gan\u00f3 la Bienal Rufino Tamayo y ha expuesto en varios recintos de la Rep\u00fablica Mexicana y el extranjero. Ha redefinido con su obra la materializaci\u00f3n de ecosistemas en la pintura al \u00f3leo. Su t\u00e9cnica, detalladamente gestual, se\u00f1ala la labor de interpretaci\u00f3n y transformaci\u00f3n de los fen\u00f3menos naturales que rodean al ser humano.<\/p>\n<p>[\/et_pb_text][et_pb_text _builder_version=\u00bb4.25.2&#8243; _module_preset=\u00bbdefault\u00bb custom_padding=\u00bb0px|||||\u00bb global_colors_info=\u00bb{}\u00bb]<\/p>\n<p><strong>Ethel Betsaida Ramos Torres<\/strong> (Ciudad de M\u00e9xico, 1987) es maestra en historia del arte y licenciada en artes visuales por la UNAM. Entre 2018 y 2019 realiz\u00f3 estancias de investigaci\u00f3n en el Kunstmuseum Bonn y en la Universidad de Barcelona, y ha participado en Coloquios internacionales de teor\u00eda e historia del arte. Ha publicado textos en Revista C\u00f3digo, Temporales Magazine, de la Universidad de Nueva York y Ediciones Manivela, entre otros. Ha trabajado en proyectos de pintura esc\u00e9nica para teatro y \u00f3pera, colaborado en el Departamento de Servicios Educativos del Museo del Palacio de Bellas Artes, y actualmente es curadora del Museo Banco de M\u00e9xico.<\/p>\n<p>[\/et_pb_text][et_pb_text _builder_version=\u00bb4.25.2&#8243; _module_preset=\u00bbdefault\u00bb custom_padding=\u00bb0px|||||\u00bb global_colors_info=\u00bb{}\u00bb]<\/p>\n<p><strong>H\u00e9ctor R. de la Vega Cu\u00e9llar<\/strong> (Ciudad de M\u00e9xico, 1973) Bi\u00f3logo por la UNAM y maestro en estudios urbanos por el COLMEX, es consultor en evaluaci\u00f3n de pol\u00edticas p\u00fablicas y recurrente profesor en temas de estad\u00edstica y an\u00e1lisis socioespacial. Sus intereses principales son la relaci\u00f3n urbano-rural y la desigualdad en t\u00e9rminos territoriales.<\/p>\n<p>[\/et_pb_text][et_pb_text _builder_version=\u00bb4.25.2&#8243; _module_preset=\u00bbdefault\u00bb custom_padding=\u00bb0px|||||\u00bb global_colors_info=\u00bb{}\u00bb]<\/p>\n<p><span><strong>Israel Reyes Alfaro.<\/strong> Licenciado en dise\u00f1o gr\u00e1fico por la Facultad de Estudios Superiores Acatl\u00e1n, ha enfocado su labor profesional hacia los campos del dise\u00f1o editorial, la identidad gr\u00e1fica y la ilustraci\u00f3n. Se ha desempe\u00f1ado principalmente en instituciones del sector p\u00fablico, pero tambi\u00e9n de manera independiente. Ha colaborado en las \u00e1reas de dise\u00f1o de instituciones como la Universidad Nacional Aut\u00f3noma de M\u00e9xico, el Instituto Nacional de Bellas Artes y Literatura y el Gobierno de la Ciudad de M\u00e9xico.<\/span><\/p>\n<p>[\/et_pb_text][et_pb_text _builder_version=\u00bb4.25.2&#8243; _module_preset=\u00bbdefault\u00bb custom_padding=\u00bb0px|||||\u00bb global_colors_info=\u00bb{}\u00bb]<\/p>\n<p><strong>Jorge Luis Rubio Hern\u00e1ndez<\/strong> (Michoac\u00e1n, 1978) estudi\u00f3 arqueolog\u00eda en la ENAH y realiz\u00f3 la maestr\u00eda en estudios mesoamericanos. Fue profesor y coordinador de la licenciatura de arqueolog\u00eda en la misma instituci\u00f3n. Coordina el Taller de Artes Populares de la UACM plantel Tezonco y es maestro impresor en el Taller de Gr\u00e1fica del Complejo Cultural Los Pinos en Chapultepec. Actualmente se centra m\u00e1s en una gr\u00e1fica figurativa utilizando diferentes t\u00e9cnicas tanto en relieve como en huecograbado.<\/p>\n<p>[\/et_pb_text][et_pb_text _builder_version=\u00bb4.25.2&#8243; _module_preset=\u00bbdefault\u00bb custom_padding=\u00bb0px|||||\u00bb global_colors_info=\u00bb{}\u00bb]<\/p>\n<p><strong>Kurt Hackbarth<\/strong> (Connecticut, Estados Unidos, 1974) es narrador, dramaturgo, coordinador de talleres y traductor naturalizado mexicano desde 2007. Graduado en pol\u00edtica, filosof\u00eda y econom\u00eda por la Universidad Fairfield. Tambi\u00e9n es periodista independiente y cofundador del proyecto de medios MexElects.<\/p>\n<p>[\/et_pb_text][et_pb_text _builder_version=\u00bb4.25.2&#8243; _module_preset=\u00bbdefault\u00bb custom_padding=\u00bb0px|||||\u00bb global_colors_info=\u00bb{}\u00bb]<\/p>\n<p><strong>Maribel Rodr\u00edguez Jim\u00e9nez<\/strong> es pasante de la licenciatura de arte y patrimonio cultural en la Universidad Aut\u00f3noma de la Ciudad de M\u00e9xico, plantel Tezonco. En el 2021 comenz\u00f3 a especializarse en practicar las artes populares mexicanas, entre ellas el grabado. Ha colaborado en carpetas con el Taller de Gr\u00e1fica del Complejo Cultural los Pinos. Desde el 2022 ha participado en proyectos comunitarios, haciendo uso de las t\u00e9cnicas del grabado.<\/p>\n<p>[\/et_pb_text][et_pb_text _builder_version=\u00bb4.25.2&#8243; _module_preset=\u00bbdefault\u00bb custom_padding=\u00bb0px|||||\u00bb global_colors_info=\u00bb{}\u00bb]<\/p>\n<p><strong>Mario Ortega<\/strong>, poeta, naci\u00f3 en Sewell, Chile, en 1975. Ha publicado en Chile los libros de poemas: <em>La leyenda de la sangre<\/em> (1995) y <em>Animal roto<\/em> (2000); en Espa\u00f1a: <em>Nostos<\/em> (Barcelona, 2012) y <em>Tan sin tiento<\/em> (Madrid, 2014); y en M\u00e9xico<em> Or\u00e1culo de la Pantalla<\/em> (2022).Traductor de la novela <em>El Vengador<\/em>, de Thomas de Quincey (Libros de la Vor\u00e1gine, Barcelona, 2012). Becado por la Fundaci\u00f3n Neruda en 1997. Premio Juegos Literarios Gabriela Mistral, Santiago 1995 y Rafael Morales Universidad Carlos III de Madrid, 2003. Ha residido en Espa\u00f1a, M\u00e9xico, Francia y Estados Unidos.<\/p>\n<p>[\/et_pb_text][et_pb_text _builder_version=\u00bb4.25.2&#8243; _module_preset=\u00bbdefault\u00bb custom_padding=\u00bb0px|||||\u00bb global_colors_info=\u00bb{}\u00bb]<\/p>\n<p><strong>Miguel Melgar<\/strong> (Ciudad de M\u00e9xico, 1988) se ha desarrollado en t\u00e9cnicas del arte popular mexicano, inclin\u00e1ndose principalmente por el grabado. Su obra est\u00e1 influenciada por los relatos orales y la cultura popular. Estudio arte y patrimonio cultural en la UACM, plantel Tezonco. Ha participado en diversas exposiciones colectivas y tiene gran inter\u00e9s en la promoci\u00f3n y difusi\u00f3n de las t\u00e9cnicas de grabado implementando talleres de gr\u00e1fica comunitaria, principalmente en comunidades de la alcald\u00eda Iztapalapa.<\/p>\n<p>[\/et_pb_text][et_pb_text _builder_version=\u00bb4.25.2&#8243; _module_preset=\u00bbdefault\u00bb custom_padding=\u00bb0px|||||\u00bb global_colors_info=\u00bb{}\u00bb]<\/p>\n<p><strong>Miguel Torres<\/strong> (Ciudad de M\u00e9xico, 1984) estudi\u00f3 en un colegio cat\u00f3lico hasta los quince a\u00f1os, cuando ingres\u00f3 a la Escuela Nacional Preparatoria n\u00famero seis en el barrio de Coyoac\u00e1n. En 2003 fue aceptado en la Facultad de Arte y Dise\u00f1o de la UNAM, para estudiar la Licenciatura en Dise\u00f1o y Comunicaci\u00f3n Visual. Desde entonces se hace pasar en su vida laboral como ilustrador, editor y dise\u00f1ador gr\u00e1fico para ganarse la vida. Tras 21 meses de vivir en Lima, donde asisti\u00f3 a cursos de Historia del Arte en la Pontificia Universidad Cat\u00f3lica del Per\u00fa (PUCP), trabaj\u00f3 en la avenida Wilson y viaj\u00f3 por el Este de Sudam\u00e9rica, en 2016 regres\u00f3 a su casa: la Universidad Nacional Aut\u00f3noma de M\u00e9xico (UNAM) para trabajar en la Facultad de Medicina. Ha publicado de forma independiente los poemarios: <i>Diario G<\/i><span class=\"s1\"><i>ris<\/i><\/span> \/ 2015 \/\/ Lima, Per\u00fa; <i>Dualidad<\/i> \/ 2017 \/\/ <i>Nunca aprend\u00ed a escribir poes\u00eda\u00a0<\/i> \/ 2020 \/\/ y <i>Espacio \u2013 Tiempo<\/i> \/ 2023 \/\/Ciudad de M\u00e9xico, M\u00e9xico.<\/p>\n<p>[\/et_pb_text][et_pb_text _builder_version=\u00bb4.25.2&#8243; _module_preset=\u00bbdefault\u00bb custom_padding=\u00bb0px|||||\u00bb global_colors_info=\u00bb{}\u00bb]<\/p>\n<p><strong>Odette Sarabia.<\/strong> Estudi\u00f3 canto en el Conservatorio Nacional de M\u00fasica, inici\u00f3 su formaci\u00f3n en m\u00fasica antigua con Nurani Huet. Estudi\u00f3 la especializaci\u00f3n en canci\u00f3n cl\u00e1sica alemana con el Prof. Dr. HC KS Francisco Araiza, fue becaria de la Academia de M\u00fasica Antigua de la UNAM. Actualmente es alumna del Centre Internacional de M\u00fasica Medieval de la Valldigna en Valencia, Espa\u00f1a y cursa la Lic. en Humanidades y Narrativas Multimedia en la Universidad Rosario Castellanos. Ha pertenecido a los ensambles Hexacordo, Teatro Coliseo y en la actualidad se desempe\u00f1a como coach vocal y subdirectora creativa de Alio Modo Ensamble. Ha cantado en importantes recintos del pa\u00eds como el Teatro Macedonio Alcal\u00e1 en la ciudad de Oaxaca, Teatro Melchor Ocampo, Sala Manuel M. Ponce y la Sala Principal del Palacio de Bellas Artes, Sala Nezahualc\u00f3yotl, Teatro Bicentenario en Le\u00f3n Guanajuato, Auditorio Nacional, Museo Nacional de San Carlos, Museo de la Ciudad, entre otros.<\/p>\n<p>[\/et_pb_text][et_pb_text _builder_version=\u00bb4.25.2&#8243; _module_preset=\u00bbdefault\u00bb custom_padding=\u00bb0px|||||\u00bb global_colors_info=\u00bb{}\u00bb]<\/p>\n<p><strong>Pavel Leonardo Navarro Valdez<\/strong> (Durango, 1978) es Profesor Investigador del INAH en el Museo Nacional de las Intervenciones y Maestro en Historia por el Colegio de M\u00e9xico. Su principal l\u00ednea de investigaci\u00f3n es historia pol\u00edtica del Norte de M\u00e9xico. Participa en los proyectos <em>Personajes del Ex Convento de Churubusco en el XL aniversario del Museo Nacional de las Intervenciones<\/em> (INAH) y <em>Tensiones centro-regi\u00f3n. Gobernadores y ejecutivo federal, una historia de complejas relaciones vistas desde la prensa. M\u00e9xico del siglo XIX<\/em>. Obtuvo la menci\u00f3n honor\u00edfica en el Premio de Investigaci\u00f3n Hist\u00f3rica \u201cSalvador Azuela\u201d del Instituto Nacional de Estudios Hist\u00f3ricos de la Revoluci\u00f3n Mexicana por el trabajo: <em>El gobierno de Enrique Calder\u00f3n en Durango, 1936-1940. Historia y pol\u00edtica regional en tiempos del cardenismo<\/em>\u00a0y el Premio estatal de la Juventud del estado de Durango, en el ramo de actividades acad\u00e9micas.<\/p>\n<p>[\/et_pb_text][et_pb_text _builder_version=\u00bb4.25.2&#8243; _module_preset=\u00bbdefault\u00bb custom_padding=\u00bb0px|||||\u00bb global_colors_info=\u00bb{}\u00bb]<\/p>\n<p><span><strong>Pedro Diego M\u00e1rquez Nava<\/strong> es egresado de la Universidad La Salle en Relaciones Internacionales y maestro en Instituciones Pol\u00edticas de China y el mundo por la Universidad de Zhejiang, China. Vivi\u00f3 en las ciudades de Xi\u00b4an y en Hangzhou, China de 2016 a 2023. Fue becado por el gobierno de la Rep\u00fablica Popular de China dos veces (idioma y posgrado). Profesor en la Universidad de Finanzas y Econom\u00eda de Zhejiang entre 2021 y 2023. Traductor e int\u00e9rprete del chino mandar\u00edn al espa\u00f1ol e ingl\u00e9s. Profesor de chino mandar\u00edn en varias instituciones en M\u00e9xico. Actualmente es profesor de las materias Seguridad Internacional y Am\u00e9rica del Norte en la UNITEC Cuitl\u00e1huac. Escritor de cuentos cortos (aun) sin publicar.<\/span><\/p>\n<p>[\/et_pb_text][et_pb_text _builder_version=\u00bb4.25.2&#8243; _module_preset=\u00bbdefault\u00bb custom_padding=\u00bb0px|||||\u00bb global_colors_info=\u00bb{}\u00bb]<\/p>\n<p><strong>Rodrigo \u00cdmaz<\/strong> (Ciudad de M\u00e9xico, 1982) es licenciado en artes visuales (ENAP-UNAM) y maestro en pra\u0301ctica arti\u0301stica (UPV Valencia, Espan\u0303a) en ambos casos con Mencio\u0301n Honori\u0301fica. Estudi\u00f3 en el Centro Universitario Estudios Cinematogra\u0301ficos (CUEC-UNAM). Fue beneficiario del Programa de Beca para Estudios en el Extranjero (FONCA 2008) y en dos ocasiones el Programa de Residencias Arti\u0301sticas (FONCA 2010 y 2013). Recibi\u00f3 apoyo de la Fundacio\u0301n Jumex para estudios de posgrado (2009). Recibi\u00f3 Mencio\u0301n de Honor en el Premio de la Juventud (INJUVE 2011) y apoyo para Desarrollo de Proyecto para el documental Juan Perros (IMCINE 2014). Entre sus exposiciones m\u00e1s recientes se encuentran: <em>Tr\u00f3picos de la Modernidad<\/em> Claustro de Sor Juana (2024), <em>Tiro Libre<\/em> Museo de Arte Moderno (2024),\u00a0<em>Fuera de Juego<\/em> Museo de Arte de Tlaxcala, M\u00e9xico (2024), <em>Cambio de Juego<\/em> Casa del Libro de la UNAM, M\u00e9xico (2023), <em>Juego de Pelota<\/em> Centro Cultural Espa\u00f1a de M\u00e9xico (2023), <em>Nave de los Locos<\/em>\u00a0Palacio de la Autonom\u00eda de la UNAM, M\u00e9xico (2023).<\/p>\n<p>[\/et_pb_text][et_pb_text _builder_version=\u00bb4.25.2&#8243; _module_preset=\u00bbdefault\u00bb custom_padding=\u00bb0px|||||\u00bb global_colors_info=\u00bb{}\u00bb]<\/p>\n<p><strong>Santiago Robles <\/strong>(Ciudad de M\u00e9xico, 1984) es artista raso del Ej\u00e9rcito Libertador del Sur y de la Divisi\u00f3n del Norte. Sin ma\u00edz no hay pa\u00eds.<\/p>\n<p>[\/et_pb_text][et_pb_text _builder_version=\u00bb4.25.2&#8243; _module_preset=\u00bbdefault\u00bb custom_padding=\u00bb0px|||||\u00bb global_colors_info=\u00bb{}\u00bb]<\/p>\n<p><strong>Sof\u00eda Grivas<\/strong> (Ciudad de M\u00e9xico, 1984) es licenciada en Publicidad y tiene una maestr\u00eda en historia del arte moderno y contempor\u00e1neo. Ha trabajado en comunicaci\u00f3n y gesti\u00f3n cultural en instituciones como El Colegio Nacional, Conaculta y FotoMx. Al mismo tiempo, se ha dedicado a crear im\u00e1genes digitales y ana\u0301logas con collage, acuarela y tinta, principalmente, asi\u0301 como collages con historias. Ha publicado art\u00edculos e ilustraciones en revistas y plataformas como: Revista SP, Siempre, Lee+, Este Pa\u00eds y Al viso.<\/p>\n<p>[\/et_pb_text][et_pb_text _builder_version=\u00bb4.25.2&#8243; _module_preset=\u00bbdefault\u00bb custom_padding=\u00bb0px|||||\u00bb global_colors_info=\u00bb{}\u00bb]<\/p>\n<p><strong>Silvia Barbescu<\/strong>\u00a0(Rumania, 1961) es una artista multidisciplinar que ha estado desarrollando su carrera profesional en M\u00e9xico desde el a\u00f1o 2000 despu\u00e9s de ser invitada por el gobierno Mexicano. Su forma de trabajo preferida es media mixta y t\u00e9cnicas mixtas, con im\u00e1genes basadas en la naturaleza. Su trabajo ha sido reconocido con varios premios, as\u00ed como la membres\u00eda en el Sal\u00f3n de la Pl\u00e1stica Mexicana\u00a0y en el Sistema Nacional de Creadores del Arte.<\/p>\n<p>[\/et_pb_text][et_pb_text _builder_version=\u00bb4.25.2&#8243; _module_preset=\u00bbdefault\u00bb custom_padding=\u00bb0px|||||\u00bb global_colors_info=\u00bb{}\u00bb]<\/p>\n<p><strong>Val Far<\/strong> (Ciudad de M\u00e9xico, 1982) es artista visual. Su m\u00e1s reciente exposici\u00f3n se titula <em>Emociones. Texturas. Sensaciones<\/em>, la cual se present\u00f3 en La Resistencia, Centro Hist\u00f3rico de la Ciudad de M\u00e9xico y posteriormente en el Pilares Rita Guerrero. En ella nos presenta un mosaico que expone gran parte de su historia al mismo tiempo que hace visible las diversas transiciones que ha sufrido. Con su obra busca transmitir a trav\u00e9s de l\u00edneas y texturas todos los aspectos de la vida que la rodean.<\/p>\n<p>[\/et_pb_text][et_pb_text _builder_version=\u00bb4.25.2&#8243; _module_preset=\u00bbdefault\u00bb custom_padding=\u00bb0px|||||\u00bb global_colors_info=\u00bb{}\u00bb]<\/p>\n<p><strong>Yunu\u00e9n Sariego<\/strong> (Ciudad de M\u00e9xico, 1982) es doctora en estudios art\u00edsticos, literarios y de la cultura por la Universidad Aut\u00f3noma de Madrid. Tiene una maestr\u00eda en historia del arte contempor\u00e1neo y cultura visual, Universidad Aut\u00f3noma de Madrid\/Museo Nacional Centro de Arte Reina Sof\u00eda y es licenciada en filosof\u00eda por la U.N.A.M. Actualmente lleva a cabo las labores de desarrollo curatorial y de proyectos en la Coordinaci\u00f3n de Exposiciones del Colegio de San Ildefonso. De manera independiente, trabaja en la investigaci\u00f3n y gesti\u00f3n de exposiciones y proyectos de arte contempor\u00e1neo.<\/p>\n<p>[\/et_pb_text][\/et_pb_column][\/et_pb_row][\/et_pb_section]<\/p>\n","protected":false},"excerpt":{"rendered":"<p>FICHAS DE COLABORADORESAdriana Cano Ch\u00e1vez (1977) Soci\u00f3loga y comunic\u00f3loga egresada de la FCPyS UNAM. Amante de los gatos, los perros, un buen libro, ag\u00fcita de guayaba, los chicharrones preparados, la vida, el respeto, las personas creativas, curiosa caminante de la Ciudad de M\u00e9xico, nada humano es ajeno, creyente de la ternura radical y la revoluci\u00f3n [&hellip;]<\/p>\n","protected":false},"author":4,"featured_media":0,"parent":0,"menu_order":0,"comment_status":"closed","ping_status":"closed","template":"","meta":{"_et_pb_use_builder":"on","_et_pb_old_content":"","_et_gb_content_width":"","footnotes":""},"class_list":["post-1165","page","type-page","status-publish","hentry"],"yoast_head":"<!-- This site is optimized with the Yoast SEO plugin v27.3 - https:\/\/yoast.com\/product\/yoast-seo-wordpress\/ -->\n<title>FICHAS DE COLABORADORES - REVISTA QUIOTE<\/title>\n<meta name=\"robots\" content=\"index, follow, max-snippet:-1, max-image-preview:large, max-video-preview:-1\" \/>\n<link rel=\"canonical\" href=\"https:\/\/revistaquiote.org\/?page_id=1165\" \/>\n<meta property=\"og:locale\" content=\"es_ES\" \/>\n<meta property=\"og:type\" content=\"article\" \/>\n<meta property=\"og:title\" content=\"FICHAS DE COLABORADORES - REVISTA QUIOTE\" \/>\n<meta property=\"og:description\" content=\"FICHAS DE COLABORADORESAdriana Cano Ch\u00e1vez (1977) Soci\u00f3loga y comunic\u00f3loga egresada de la FCPyS UNAM. Amante de los gatos, los perros, un buen libro, ag\u00fcita de guayaba, los chicharrones preparados, la vida, el respeto, las personas creativas, curiosa caminante de la Ciudad de M\u00e9xico, nada humano es ajeno, creyente de la ternura radical y la revoluci\u00f3n [&hellip;]\" \/>\n<meta property=\"og:url\" content=\"https:\/\/revistaquiote.org\/?page_id=1165\" \/>\n<meta property=\"og:site_name\" content=\"REVISTA QUIOTE\" \/>\n<meta property=\"article:publisher\" content=\"https:\/\/www.facebook.com\/profile.php?id=61581285934903&amp;rdid=NyTBdLDXXt5DTPla&amp;share_url=httpswww.facebook.comshare16XQGGa34v#\" \/>\n<meta property=\"article:modified_time\" content=\"2024-09-14T18:48:39+00:00\" \/>\n<meta name=\"twitter:card\" content=\"summary_large_image\" \/>\n<meta name=\"twitter:site\" content=\"@RQuiote\" \/>\n<meta name=\"twitter:label1\" content=\"Tiempo de lectura\" \/>\n\t<meta name=\"twitter:data1\" content=\"15 minutos\" \/>\n<script type=\"application\/ld+json\" class=\"yoast-schema-graph\">{\"@context\":\"https:\\\/\\\/schema.org\",\"@graph\":[{\"@type\":\"WebPage\",\"@id\":\"https:\\\/\\\/revistaquiote.org\\\/?page_id=1165\",\"url\":\"https:\\\/\\\/revistaquiote.org\\\/?page_id=1165\",\"name\":\"FICHAS DE COLABORADORES - REVISTA QUIOTE\",\"isPartOf\":{\"@id\":\"https:\\\/\\\/revistaquiote.org\\\/#website\"},\"datePublished\":\"2024-06-28T03:12:32+00:00\",\"dateModified\":\"2024-09-14T18:48:39+00:00\",\"breadcrumb\":{\"@id\":\"https:\\\/\\\/revistaquiote.org\\\/?page_id=1165#breadcrumb\"},\"inLanguage\":\"es\",\"potentialAction\":[{\"@type\":\"ReadAction\",\"target\":[\"https:\\\/\\\/revistaquiote.org\\\/?page_id=1165\"]}]},{\"@type\":\"BreadcrumbList\",\"@id\":\"https:\\\/\\\/revistaquiote.org\\\/?page_id=1165#breadcrumb\",\"itemListElement\":[{\"@type\":\"ListItem\",\"position\":1,\"name\":\"Portada\",\"item\":\"https:\\\/\\\/revistaquiote.org\\\/\"},{\"@type\":\"ListItem\",\"position\":2,\"name\":\"FICHAS DE COLABORADORES\"}]},{\"@type\":\"WebSite\",\"@id\":\"https:\\\/\\\/revistaquiote.org\\\/#website\",\"url\":\"https:\\\/\\\/revistaquiote.org\\\/\",\"name\":\"REVISTA QUIOTE\",\"description\":\"N\u00daMERO SEIS\",\"publisher\":{\"@id\":\"https:\\\/\\\/revistaquiote.org\\\/#organization\"},\"potentialAction\":[{\"@type\":\"SearchAction\",\"target\":{\"@type\":\"EntryPoint\",\"urlTemplate\":\"https:\\\/\\\/revistaquiote.org\\\/?s={search_term_string}\"},\"query-input\":{\"@type\":\"PropertyValueSpecification\",\"valueRequired\":true,\"valueName\":\"search_term_string\"}}],\"inLanguage\":\"es\"},{\"@type\":\"Organization\",\"@id\":\"https:\\\/\\\/revistaquiote.org\\\/#organization\",\"name\":\"REVISTA QUIOTE\",\"url\":\"https:\\\/\\\/revistaquiote.org\\\/\",\"logo\":{\"@type\":\"ImageObject\",\"inLanguage\":\"es\",\"@id\":\"https:\\\/\\\/revistaquiote.org\\\/#\\\/schema\\\/logo\\\/image\\\/\",\"url\":\"https:\\\/\\\/revistaquiote.org\\\/wp-content\\\/uploads\\\/2023\\\/06\\\/Quiote-logo_01.png\",\"contentUrl\":\"https:\\\/\\\/revistaquiote.org\\\/wp-content\\\/uploads\\\/2023\\\/06\\\/Quiote-logo_01.png\",\"width\":1042,\"height\":417,\"caption\":\"REVISTA QUIOTE\"},\"image\":{\"@id\":\"https:\\\/\\\/revistaquiote.org\\\/#\\\/schema\\\/logo\\\/image\\\/\"},\"sameAs\":[\"https:\\\/\\\/www.facebook.com\\\/profile.php?id=61581285934903&rdid=NyTBdLDXXt5DTPla&share_url=httpswww.facebook.comshare16XQGGa34v#\",\"https:\\\/\\\/x.com\\\/RQuiote\",\"https:\\\/\\\/www.instagram.com\\\/revista.quiote\\\/\"]}]}<\/script>\n<!-- \/ Yoast SEO plugin. -->","yoast_head_json":{"title":"FICHAS DE COLABORADORES - REVISTA QUIOTE","robots":{"index":"index","follow":"follow","max-snippet":"max-snippet:-1","max-image-preview":"max-image-preview:large","max-video-preview":"max-video-preview:-1"},"canonical":"https:\/\/revistaquiote.org\/?page_id=1165","og_locale":"es_ES","og_type":"article","og_title":"FICHAS DE COLABORADORES - REVISTA QUIOTE","og_description":"FICHAS DE COLABORADORESAdriana Cano Ch\u00e1vez (1977) Soci\u00f3loga y comunic\u00f3loga egresada de la FCPyS UNAM. Amante de los gatos, los perros, un buen libro, ag\u00fcita de guayaba, los chicharrones preparados, la vida, el respeto, las personas creativas, curiosa caminante de la Ciudad de M\u00e9xico, nada humano es ajeno, creyente de la ternura radical y la revoluci\u00f3n [&hellip;]","og_url":"https:\/\/revistaquiote.org\/?page_id=1165","og_site_name":"REVISTA QUIOTE","article_publisher":"https:\/\/www.facebook.com\/profile.php?id=61581285934903&rdid=NyTBdLDXXt5DTPla&share_url=httpswww.facebook.comshare16XQGGa34v#","article_modified_time":"2024-09-14T18:48:39+00:00","twitter_card":"summary_large_image","twitter_site":"@RQuiote","twitter_misc":{"Tiempo de lectura":"15 minutos"},"schema":{"@context":"https:\/\/schema.org","@graph":[{"@type":"WebPage","@id":"https:\/\/revistaquiote.org\/?page_id=1165","url":"https:\/\/revistaquiote.org\/?page_id=1165","name":"FICHAS DE COLABORADORES - REVISTA QUIOTE","isPartOf":{"@id":"https:\/\/revistaquiote.org\/#website"},"datePublished":"2024-06-28T03:12:32+00:00","dateModified":"2024-09-14T18:48:39+00:00","breadcrumb":{"@id":"https:\/\/revistaquiote.org\/?page_id=1165#breadcrumb"},"inLanguage":"es","potentialAction":[{"@type":"ReadAction","target":["https:\/\/revistaquiote.org\/?page_id=1165"]}]},{"@type":"BreadcrumbList","@id":"https:\/\/revistaquiote.org\/?page_id=1165#breadcrumb","itemListElement":[{"@type":"ListItem","position":1,"name":"Portada","item":"https:\/\/revistaquiote.org\/"},{"@type":"ListItem","position":2,"name":"FICHAS DE COLABORADORES"}]},{"@type":"WebSite","@id":"https:\/\/revistaquiote.org\/#website","url":"https:\/\/revistaquiote.org\/","name":"REVISTA QUIOTE","description":"N\u00daMERO SEIS","publisher":{"@id":"https:\/\/revistaquiote.org\/#organization"},"potentialAction":[{"@type":"SearchAction","target":{"@type":"EntryPoint","urlTemplate":"https:\/\/revistaquiote.org\/?s={search_term_string}"},"query-input":{"@type":"PropertyValueSpecification","valueRequired":true,"valueName":"search_term_string"}}],"inLanguage":"es"},{"@type":"Organization","@id":"https:\/\/revistaquiote.org\/#organization","name":"REVISTA QUIOTE","url":"https:\/\/revistaquiote.org\/","logo":{"@type":"ImageObject","inLanguage":"es","@id":"https:\/\/revistaquiote.org\/#\/schema\/logo\/image\/","url":"https:\/\/revistaquiote.org\/wp-content\/uploads\/2023\/06\/Quiote-logo_01.png","contentUrl":"https:\/\/revistaquiote.org\/wp-content\/uploads\/2023\/06\/Quiote-logo_01.png","width":1042,"height":417,"caption":"REVISTA QUIOTE"},"image":{"@id":"https:\/\/revistaquiote.org\/#\/schema\/logo\/image\/"},"sameAs":["https:\/\/www.facebook.com\/profile.php?id=61581285934903&rdid=NyTBdLDXXt5DTPla&share_url=httpswww.facebook.comshare16XQGGa34v#","https:\/\/x.com\/RQuiote","https:\/\/www.instagram.com\/revista.quiote\/"]}]}},"jetpack_sharing_enabled":true,"_links":{"self":[{"href":"https:\/\/revistaquiote.org\/index.php?rest_route=\/wp\/v2\/pages\/1165","targetHints":{"allow":["GET"]}}],"collection":[{"href":"https:\/\/revistaquiote.org\/index.php?rest_route=\/wp\/v2\/pages"}],"about":[{"href":"https:\/\/revistaquiote.org\/index.php?rest_route=\/wp\/v2\/types\/page"}],"author":[{"embeddable":true,"href":"https:\/\/revistaquiote.org\/index.php?rest_route=\/wp\/v2\/users\/4"}],"replies":[{"embeddable":true,"href":"https:\/\/revistaquiote.org\/index.php?rest_route=%2Fwp%2Fv2%2Fcomments&post=1165"}],"version-history":[{"count":11,"href":"https:\/\/revistaquiote.org\/index.php?rest_route=\/wp\/v2\/pages\/1165\/revisions"}],"predecessor-version":[{"id":1444,"href":"https:\/\/revistaquiote.org\/index.php?rest_route=\/wp\/v2\/pages\/1165\/revisions\/1444"}],"wp:attachment":[{"href":"https:\/\/revistaquiote.org\/index.php?rest_route=%2Fwp%2Fv2%2Fmedia&parent=1165"}],"curies":[{"name":"wp","href":"https:\/\/api.w.org\/{rel}","templated":true}]}}